{"id":489,"date":"2024-02-21T17:58:37","date_gmt":"2024-02-21T17:58:37","guid":{"rendered":"https:\/\/audiovisualmedia.es\/academia\/?page_id=489"},"modified":"2024-02-21T19:33:46","modified_gmt":"2024-02-21T19:33:46","slug":"profesores","status":"publish","type":"page","link":"https:\/\/audiovisualmedia.es\/academia\/profesores\/","title":{"rendered":"Profesores"},"content":{"rendered":"\t\t<div data-elementor-type=\"wp-page\" data-elementor-id=\"489\" class=\"elementor elementor-489\">\n\t\t\t\t\t\t<section class=\"elementor-section elementor-top-section elementor-element elementor-element-df3de09 elementor-section-boxed elementor-section-height-default elementor-section-height-default\" data-id=\"df3de09\" data-element_type=\"section\" data-settings=\"{&quot;background_background&quot;:&quot;slideshow&quot;,&quot;background_slideshow_gallery&quot;:[{&quot;id&quot;:458,&quot;url&quot;:&quot;https:\\\/\\\/audiovisualmedia.es\\\/academia\\\/wp-content\\\/uploads\\\/2024\\\/02\\\/3.jpg&quot;},{&quot;id&quot;:49,&quot;url&quot;:&quot;https:\\\/\\\/audiovisualmedia.es\\\/academia\\\/wp-content\\\/uploads\\\/2024\\\/02\\\/1CB38DF3-08BA-490A-9644-1CBC95181270_1_105_c.jpg&quot;}],&quot;background_slideshow_ken_burns&quot;:&quot;yes&quot;,&quot;background_slideshow_loop&quot;:&quot;yes&quot;,&quot;background_slideshow_slide_duration&quot;:5000,&quot;background_slideshow_slide_transition&quot;:&quot;fade&quot;,&quot;background_slideshow_transition_duration&quot;:500,&quot;background_slideshow_ken_burns_zoom_direction&quot;:&quot;in&quot;}\">\n\t\t\t\t\t\t\t<div class=\"elementor-background-overlay\"><\/div>\n\t\t\t\t\t\t\t<div class=\"elementor-container elementor-column-gap-no\">\n\t\t\t\t\t<div class=\"elementor-column elementor-col-100 elementor-top-column elementor-element elementor-element-14374d46\" data-id=\"14374d46\" data-element_type=\"column\">\n\t\t\t<div class=\"elementor-widget-wrap elementor-element-populated\">\n\t\t\t\t\t\t<section class=\"elementor-section elementor-inner-section elementor-element elementor-element-86fdd64 elementor-section-boxed elementor-section-height-default elementor-section-height-default\" data-id=\"86fdd64\" data-element_type=\"section\">\n\t\t\t\t\t\t<div class=\"elementor-container elementor-column-gap-default\">\n\t\t\t\t\t<div class=\"elementor-column elementor-col-100 elementor-inner-column elementor-element elementor-element-3bfeb391\" data-id=\"3bfeb391\" data-element_type=\"column\">\n\t\t\t<div class=\"elementor-widget-wrap elementor-element-populated\">\n\t\t\t\t\t\t<div class=\"elementor-element elementor-element-3640582e elementor-widget elementor-widget-heading\" data-id=\"3640582e\" data-element_type=\"widget\" data-widget_type=\"heading.default\">\n\t\t\t\t<div class=\"elementor-widget-container\">\n\t\t\t<style>\/*! elementor - v3.19.0 - 07-02-2024 *\/\n.elementor-heading-title{padding:0;margin:0;line-height:1}.elementor-widget-heading .elementor-heading-title[class*=elementor-size-]>a{color:inherit;font-size:inherit;line-height:inherit}.elementor-widget-heading .elementor-heading-title.elementor-size-small{font-size:15px}.elementor-widget-heading .elementor-heading-title.elementor-size-medium{font-size:19px}.elementor-widget-heading .elementor-heading-title.elementor-size-large{font-size:29px}.elementor-widget-heading .elementor-heading-title.elementor-size-xl{font-size:39px}.elementor-widget-heading .elementor-heading-title.elementor-size-xxl{font-size:59px}<\/style><h2 class=\"elementor-heading-title elementor-size-default\">Profesores Academia<\/h2>\t\t<\/div>\n\t\t\t\t<\/div>\n\t\t\t\t\t<\/div>\n\t\t<\/div>\n\t\t\t\t\t<\/div>\n\t\t<\/section>\n\t\t\t\t<section class=\"elementor-section elementor-inner-section elementor-element elementor-element-219ea2b3 elementor-section-boxed elementor-section-height-default elementor-section-height-default\" data-id=\"219ea2b3\" data-element_type=\"section\">\n\t\t\t\t\t\t<div class=\"elementor-container elementor-column-gap-default\">\n\t\t\t\t\t<div class=\"elementor-column elementor-col-50 elementor-inner-column elementor-element elementor-element-601bc311\" data-id=\"601bc311\" data-element_type=\"column\">\n\t\t\t<div class=\"elementor-widget-wrap elementor-element-populated\">\n\t\t\t\t\t\t<div class=\"elementor-element elementor-element-5cbbb2c9 elementor-widget elementor-widget-image\" data-id=\"5cbbb2c9\" data-element_type=\"widget\" data-widget_type=\"image.default\">\n\t\t\t\t<div class=\"elementor-widget-container\">\n\t\t\t<style>\/*! elementor - v3.19.0 - 07-02-2024 *\/\n.elementor-widget-image{text-align:center}.elementor-widget-image a{display:inline-block}.elementor-widget-image a img[src$=\".svg\"]{width:48px}.elementor-widget-image img{vertical-align:middle;display:inline-block}<\/style>\t\t\t\t\t\t\t\t\t\t<img fetchpriority=\"high\" decoding=\"async\" width=\"285\" height=\"300\" src=\"https:\/\/audiovisualmedia.es\/academia\/wp-content\/uploads\/2024\/02\/aDRIAN-2-285x300.png\" class=\"attachment-medium size-medium wp-image-492\" alt=\"\" srcset=\"https:\/\/audiovisualmedia.es\/academia\/wp-content\/uploads\/2024\/02\/aDRIAN-2-285x300.png 285w, https:\/\/audiovisualmedia.es\/academia\/wp-content\/uploads\/2024\/02\/aDRIAN-2.png 600w\" sizes=\"(max-width: 285px) 100vw, 285px\" \/>\t\t\t\t\t\t\t\t\t\t\t\t\t<\/div>\n\t\t\t\t<\/div>\n\t\t\t\t<div class=\"elementor-element elementor-element-64fe2693 elementor-widget elementor-widget-heading\" data-id=\"64fe2693\" data-element_type=\"widget\" data-widget_type=\"heading.default\">\n\t\t\t\t<div class=\"elementor-widget-container\">\n\t\t\t<span class=\"elementor-heading-title elementor-size-default\">Adri\u00e1n Mart\u00ednez<\/span>\t\t<\/div>\n\t\t\t\t<\/div>\n\t\t\t\t<div class=\"elementor-element elementor-element-560611ec elementor-widget elementor-widget-text-editor\" data-id=\"560611ec\" data-element_type=\"widget\" data-widget_type=\"text-editor.default\">\n\t\t\t\t<div class=\"elementor-widget-container\">\n\t\t\t<style>\/*! elementor - v3.19.0 - 07-02-2024 *\/\n.elementor-widget-text-editor.elementor-drop-cap-view-stacked .elementor-drop-cap{background-color:#69727d;color:#fff}.elementor-widget-text-editor.elementor-drop-cap-view-framed .elementor-drop-cap{color:#69727d;border:3px solid;background-color:transparent}.elementor-widget-text-editor:not(.elementor-drop-cap-view-default) .elementor-drop-cap{margin-top:8px}.elementor-widget-text-editor:not(.elementor-drop-cap-view-default) .elementor-drop-cap-letter{width:1em;height:1em}.elementor-widget-text-editor .elementor-drop-cap{float:left;text-align:center;line-height:1;font-size:50px}.elementor-widget-text-editor .elementor-drop-cap-letter{display:inline-block}<\/style>\t\t\t\t<p>Operador UAS<\/p>\t\t\t\t\t\t<\/div>\n\t\t\t\t<\/div>\n\t\t\t\t<div class=\"elementor-element elementor-element-3f9aac90 elementor-widget elementor-widget-text-editor\" data-id=\"3f9aac90\" data-element_type=\"widget\" data-widget_type=\"text-editor.default\">\n\t\t\t\t<div class=\"elementor-widget-container\">\n\t\t\t\t\t\t\t<p>Adri\u00e1n lleva desde 2018 realizando operativas de vuelo. \u00c9l es Filmmaker, piloto de dron y editor. Un magnifico cineasta que busca crear siempre secuencias que impacten visualmente.<\/p><p>Tratar\u00e1 de darte la m\u00e1xima formaci\u00f3n sobre los conocimientos audiovisuales con los drones y toda la parte operativa que conlleva.<\/p>\t\t\t\t\t\t<\/div>\n\t\t\t\t<\/div>\n\t\t\t\t<div class=\"elementor-element elementor-element-4804ade6 elementor-icon-list--layout-traditional elementor-list-item-link-full_width elementor-widget elementor-widget-icon-list\" data-id=\"4804ade6\" data-element_type=\"widget\" data-widget_type=\"icon-list.default\">\n\t\t\t\t<div class=\"elementor-widget-container\">\n\t\t\t<link rel=\"stylesheet\" href=\"https:\/\/audiovisualmedia.es\/academia\/wp-content\/plugins\/elementor\/assets\/css\/widget-icon-list.min.css\">\t\t<ul class=\"elementor-icon-list-items\">\n\t\t\t\t\t\t\t<li class=\"elementor-icon-list-item\">\n\t\t\t\t\t\t\t\t\t\t\t<span class=\"elementor-icon-list-icon\">\n\t\t\t\t\t\t\t<svg aria-hidden=\"true\" class=\"e-font-icon-svg e-fab-instagram\" viewBox=\"0 0 448 512\" xmlns=\"http:\/\/www.w3.org\/2000\/svg\"><path d=\"M224.1 141c-63.6 0-114.9 51.3-114.9 114.9s51.3 114.9 114.9 114.9S339 319.5 339 255.9 287.7 141 224.1 141zm0 189.6c-41.1 0-74.7-33.5-74.7-74.7s33.5-74.7 74.7-74.7 74.7 33.5 74.7 74.7-33.6 74.7-74.7 74.7zm146.4-194.3c0 14.9-12 26.8-26.8 26.8-14.9 0-26.8-12-26.8-26.8s12-26.8 26.8-26.8 26.8 12 26.8 26.8zm76.1 27.2c-1.7-35.9-9.9-67.7-36.2-93.9-26.2-26.2-58-34.4-93.9-36.2-37-2.1-147.9-2.1-184.9 0-35.8 1.7-67.6 9.9-93.9 36.1s-34.4 58-36.2 93.9c-2.1 37-2.1 147.9 0 184.9 1.7 35.9 9.9 67.7 36.2 93.9s58 34.4 93.9 36.2c37 2.1 147.9 2.1 184.9 0 35.9-1.7 67.7-9.9 93.9-36.2 26.2-26.2 34.4-58 36.2-93.9 2.1-37 2.1-147.8 0-184.8zM398.8 388c-7.8 19.6-22.9 34.7-42.6 42.6-29.5 11.7-99.5 9-132.1 9s-102.7 2.6-132.1-9c-19.6-7.8-34.7-22.9-42.6-42.6-11.7-29.5-9-99.5-9-132.1s-2.6-102.7 9-132.1c7.8-19.6 22.9-34.7 42.6-42.6 29.5-11.7 99.5-9 132.1-9s102.7-2.6 132.1 9c19.6 7.8 34.7 22.9 42.6 42.6 11.7 29.5 9 99.5 9 132.1s2.7 102.7-9 132.1z\"><\/path><\/svg>\t\t\t\t\t\t<\/span>\n\t\t\t\t\t\t\t\t\t\t<span class=\"elementor-icon-list-text\">@adrianet93<\/span>\n\t\t\t\t\t\t\t\t\t<\/li>\n\t\t\t\t\t\t<\/ul>\n\t\t\t\t<\/div>\n\t\t\t\t<\/div>\n\t\t\t\t\t<\/div>\n\t\t<\/div>\n\t\t\t\t<div class=\"elementor-column elementor-col-50 elementor-inner-column elementor-element elementor-element-77b50776\" data-id=\"77b50776\" data-element_type=\"column\">\n\t\t\t<div class=\"elementor-widget-wrap elementor-element-populated\">\n\t\t\t\t\t\t<div class=\"elementor-element elementor-element-6fac5f30 elementor-widget elementor-widget-image\" data-id=\"6fac5f30\" data-element_type=\"widget\" data-widget_type=\"image.default\">\n\t\t\t\t<div class=\"elementor-widget-container\">\n\t\t\t\t\t\t\t\t\t\t\t\t\t<img decoding=\"async\" width=\"266\" height=\"300\" src=\"https:\/\/audiovisualmedia.es\/academia\/wp-content\/uploads\/2024\/02\/PASCUAL-2-266x300.png\" class=\"attachment-medium size-medium wp-image-494\" alt=\"\" srcset=\"https:\/\/audiovisualmedia.es\/academia\/wp-content\/uploads\/2024\/02\/PASCUAL-2-266x300.png 266w, https:\/\/audiovisualmedia.es\/academia\/wp-content\/uploads\/2024\/02\/PASCUAL-2.png 600w\" sizes=\"(max-width: 266px) 100vw, 266px\" \/>\t\t\t\t\t\t\t\t\t\t\t\t\t<\/div>\n\t\t\t\t<\/div>\n\t\t\t\t<div class=\"elementor-element elementor-element-6c472c85 elementor-widget elementor-widget-heading\" data-id=\"6c472c85\" data-element_type=\"widget\" data-widget_type=\"heading.default\">\n\t\t\t\t<div class=\"elementor-widget-container\">\n\t\t\t<span class=\"elementor-heading-title elementor-size-default\">Pascual Gregori<\/span>\t\t<\/div>\n\t\t\t\t<\/div>\n\t\t\t\t<div class=\"elementor-element elementor-element-476d25b8 elementor-widget elementor-widget-text-editor\" data-id=\"476d25b8\" data-element_type=\"widget\" data-widget_type=\"text-editor.default\">\n\t\t\t\t<div class=\"elementor-widget-container\">\n\t\t\t\t\t\t\t<p>Operador UAS<\/p>\t\t\t\t\t\t<\/div>\n\t\t\t\t<\/div>\n\t\t\t\t<div class=\"elementor-element elementor-element-59f1bedf elementor-widget elementor-widget-text-editor\" data-id=\"59f1bedf\" data-element_type=\"widget\" data-widget_type=\"text-editor.default\">\n\t\t\t\t<div class=\"elementor-widget-container\">\n\t\t\t\t\t\t\t<p>Pascual utiliza drones para actividades no EASA de polic\u00eda, salvamento mar\u00edtimo y control de incendios. Es especialista en vuelos a\u00e9reos para la seguridad privada.<\/p><p>Su experiencia data desde 2018, realizando operativas de seguridad con drones.<\/p>\t\t\t\t\t\t<\/div>\n\t\t\t\t<\/div>\n\t\t\t\t<div class=\"elementor-element elementor-element-9d6458a elementor-icon-list--layout-traditional elementor-list-item-link-full_width elementor-widget elementor-widget-icon-list\" data-id=\"9d6458a\" data-element_type=\"widget\" data-widget_type=\"icon-list.default\">\n\t\t\t\t<div class=\"elementor-widget-container\">\n\t\t\t\t\t<ul class=\"elementor-icon-list-items\">\n\t\t\t\t\t\t\t<li class=\"elementor-icon-list-item\">\n\t\t\t\t\t\t\t\t\t\t\t<span class=\"elementor-icon-list-icon\">\n\t\t\t\t\t\t\t<svg aria-hidden=\"true\" class=\"e-font-icon-svg e-fab-instagram\" viewBox=\"0 0 448 512\" xmlns=\"http:\/\/www.w3.org\/2000\/svg\"><path d=\"M224.1 141c-63.6 0-114.9 51.3-114.9 114.9s51.3 114.9 114.9 114.9S339 319.5 339 255.9 287.7 141 224.1 141zm0 189.6c-41.1 0-74.7-33.5-74.7-74.7s33.5-74.7 74.7-74.7 74.7 33.5 74.7 74.7-33.6 74.7-74.7 74.7zm146.4-194.3c0 14.9-12 26.8-26.8 26.8-14.9 0-26.8-12-26.8-26.8s12-26.8 26.8-26.8 26.8 12 26.8 26.8zm76.1 27.2c-1.7-35.9-9.9-67.7-36.2-93.9-26.2-26.2-58-34.4-93.9-36.2-37-2.1-147.9-2.1-184.9 0-35.8 1.7-67.6 9.9-93.9 36.1s-34.4 58-36.2 93.9c-2.1 37-2.1 147.9 0 184.9 1.7 35.9 9.9 67.7 36.2 93.9s58 34.4 93.9 36.2c37 2.1 147.9 2.1 184.9 0 35.9-1.7 67.7-9.9 93.9-36.2 26.2-26.2 34.4-58 36.2-93.9 2.1-37 2.1-147.8 0-184.8zM398.8 388c-7.8 19.6-22.9 34.7-42.6 42.6-29.5 11.7-99.5 9-132.1 9s-102.7 2.6-132.1-9c-19.6-7.8-34.7-22.9-42.6-42.6-11.7-29.5-9-99.5-9-132.1s-2.6-102.7 9-132.1c7.8-19.6 22.9-34.7 42.6-42.6 29.5-11.7 99.5-9 132.1-9s102.7-2.6 132.1 9c19.6 7.8 34.7 22.9 42.6 42.6 11.7 29.5 9 99.5 9 132.1s2.7 102.7-9 132.1z\"><\/path><\/svg>\t\t\t\t\t\t<\/span>\n\t\t\t\t\t\t\t\t\t\t<span class=\"elementor-icon-list-text\">@pascual_gregori<\/span>\n\t\t\t\t\t\t\t\t\t<\/li>\n\t\t\t\t\t\t<\/ul>\n\t\t\t\t<\/div>\n\t\t\t\t<\/div>\n\t\t\t\t\t<\/div>\n\t\t<\/div>\n\t\t\t\t\t<\/div>\n\t\t<\/section>\n\t\t\t\t\t<\/div>\n\t\t<\/div>\n\t\t\t\t\t<\/div>\n\t\t<\/section>\n\t\t\t\t<\/div>\n\t\t","protected":false},"excerpt":{"rendered":"<p>Profesores Academia Adri\u00e1n Mart\u00ednez Operador UAS Adri\u00e1n lleva desde 2018 realizando operativas de vuelo. \u00c9l es Filmmaker, piloto de dron [&hellip;]<\/p>\n","protected":false},"author":1,"featured_media":0,"parent":0,"menu_order":0,"comment_status":"closed","ping_status":"closed","template":"","meta":{"footnotes":""},"class_list":["post-489","page","type-page","status-publish","hentry"],"yoast_head":"<!-- This site is optimized with the Yoast SEO plugin v22.0 - https:\/\/yoast.com\/wordpress\/plugins\/seo\/ -->\n<title>Profesores - Audiovisual Media<\/title>\n<meta name=\"robots\" content=\"index, follow, max-snippet:-1, max-image-preview:large, max-video-preview:-1\" \/>\n<link rel=\"canonical\" href=\"https:\/\/audiovisualmedia.es\/academia\/profesores\/\" \/>\n<meta property=\"og:locale\" content=\"es_ES\" \/>\n<meta property=\"og:type\" content=\"article\" \/>\n<meta property=\"og:title\" content=\"Profesores - Audiovisual Media\" \/>\n<meta property=\"og:description\" content=\"Profesores Academia Adri\u00e1n Mart\u00ednez Operador UAS Adri\u00e1n lleva desde 2018 realizando operativas de vuelo. \u00c9l es Filmmaker, piloto de dron [&hellip;]\" \/>\n<meta property=\"og:url\" content=\"https:\/\/audiovisualmedia.es\/academia\/profesores\/\" \/>\n<meta property=\"og:site_name\" content=\"Audiovisual Media\" \/>\n<meta property=\"article:modified_time\" content=\"2024-02-21T19:33:46+00:00\" \/>\n<meta property=\"og:image\" content=\"https:\/\/audiovisualmedia.es\/academia\/wp-content\/uploads\/2024\/02\/aDRIAN-2-285x300.png\" \/>\n<meta name=\"twitter:card\" content=\"summary_large_image\" \/>\n<meta name=\"twitter:label1\" content=\"Tiempo de lectura\" \/>\n\t<meta name=\"twitter:data1\" content=\"1 minuto\" \/>\n<script type=\"application\/ld+json\" class=\"yoast-schema-graph\">{\"@context\":\"https:\/\/schema.org\",\"@graph\":[{\"@type\":\"WebPage\",\"@id\":\"https:\/\/audiovisualmedia.es\/academia\/profesores\/\",\"url\":\"https:\/\/audiovisualmedia.es\/academia\/profesores\/\",\"name\":\"Profesores - Audiovisual Media\",\"isPartOf\":{\"@id\":\"https:\/\/audiovisualmedia.es\/academia\/#website\"},\"datePublished\":\"2024-02-21T17:58:37+00:00\",\"dateModified\":\"2024-02-21T19:33:46+00:00\",\"breadcrumb\":{\"@id\":\"https:\/\/audiovisualmedia.es\/academia\/profesores\/#breadcrumb\"},\"inLanguage\":\"es\",\"potentialAction\":[{\"@type\":\"ReadAction\",\"target\":[\"https:\/\/audiovisualmedia.es\/academia\/profesores\/\"]}]},{\"@type\":\"BreadcrumbList\",\"@id\":\"https:\/\/audiovisualmedia.es\/academia\/profesores\/#breadcrumb\",\"itemListElement\":[{\"@type\":\"ListItem\",\"position\":1,\"name\":\"Portada\",\"item\":\"https:\/\/audiovisualmedia.es\/academia\/\"},{\"@type\":\"ListItem\",\"position\":2,\"name\":\"Profesores\"}]},{\"@type\":\"WebSite\",\"@id\":\"https:\/\/audiovisualmedia.es\/academia\/#website\",\"url\":\"https:\/\/audiovisualmedia.es\/academia\/\",\"name\":\"Audiovisual Media\",\"description\":\"\",\"publisher\":{\"@id\":\"https:\/\/audiovisualmedia.es\/academia\/#organization\"},\"potentialAction\":[{\"@type\":\"SearchAction\",\"target\":{\"@type\":\"EntryPoint\",\"urlTemplate\":\"https:\/\/audiovisualmedia.es\/academia\/?s={search_term_string}\"},\"query-input\":\"required name=search_term_string\"}],\"inLanguage\":\"es\"},{\"@type\":\"Organization\",\"@id\":\"https:\/\/audiovisualmedia.es\/academia\/#organization\",\"name\":\"Audiovisual Media\",\"url\":\"https:\/\/audiovisualmedia.es\/academia\/\",\"logo\":{\"@type\":\"ImageObject\",\"inLanguage\":\"es\",\"@id\":\"https:\/\/audiovisualmedia.es\/academia\/#\/schema\/logo\/image\/\",\"url\":\"https:\/\/audiovisualmedia.es\/academia\/wp-content\/uploads\/2024\/02\/cropped-logo-1.png\",\"contentUrl\":\"https:\/\/audiovisualmedia.es\/academia\/wp-content\/uploads\/2024\/02\/cropped-logo-1.png\",\"width\":200,\"height\":58,\"caption\":\"Audiovisual Media\"},\"image\":{\"@id\":\"https:\/\/audiovisualmedia.es\/academia\/#\/schema\/logo\/image\/\"}}]}<\/script>\n<!-- \/ Yoast SEO plugin. -->","yoast_head_json":{"title":"Profesores - Audiovisual Media","robots":{"index":"index","follow":"follow","max-snippet":"max-snippet:-1","max-image-preview":"max-image-preview:large","max-video-preview":"max-video-preview:-1"},"canonical":"https:\/\/audiovisualmedia.es\/academia\/profesores\/","og_locale":"es_ES","og_type":"article","og_title":"Profesores - Audiovisual Media","og_description":"Profesores Academia Adri\u00e1n Mart\u00ednez Operador UAS Adri\u00e1n lleva desde 2018 realizando operativas de vuelo. \u00c9l es Filmmaker, piloto de dron [&hellip;]","og_url":"https:\/\/audiovisualmedia.es\/academia\/profesores\/","og_site_name":"Audiovisual Media","article_modified_time":"2024-02-21T19:33:46+00:00","og_image":[{"url":"https:\/\/audiovisualmedia.es\/academia\/wp-content\/uploads\/2024\/02\/aDRIAN-2-285x300.png"}],"twitter_card":"summary_large_image","twitter_misc":{"Tiempo de lectura":"1 minuto"},"schema":{"@context":"https:\/\/schema.org","@graph":[{"@type":"WebPage","@id":"https:\/\/audiovisualmedia.es\/academia\/profesores\/","url":"https:\/\/audiovisualmedia.es\/academia\/profesores\/","name":"Profesores - Audiovisual Media","isPartOf":{"@id":"https:\/\/audiovisualmedia.es\/academia\/#website"},"datePublished":"2024-02-21T17:58:37+00:00","dateModified":"2024-02-21T19:33:46+00:00","breadcrumb":{"@id":"https:\/\/audiovisualmedia.es\/academia\/profesores\/#breadcrumb"},"inLanguage":"es","potentialAction":[{"@type":"ReadAction","target":["https:\/\/audiovisualmedia.es\/academia\/profesores\/"]}]},{"@type":"BreadcrumbList","@id":"https:\/\/audiovisualmedia.es\/academia\/profesores\/#breadcrumb","itemListElement":[{"@type":"ListItem","position":1,"name":"Portada","item":"https:\/\/audiovisualmedia.es\/academia\/"},{"@type":"ListItem","position":2,"name":"Profesores"}]},{"@type":"WebSite","@id":"https:\/\/audiovisualmedia.es\/academia\/#website","url":"https:\/\/audiovisualmedia.es\/academia\/","name":"Audiovisual Media","description":"","publisher":{"@id":"https:\/\/audiovisualmedia.es\/academia\/#organization"},"potentialAction":[{"@type":"SearchAction","target":{"@type":"EntryPoint","urlTemplate":"https:\/\/audiovisualmedia.es\/academia\/?s={search_term_string}"},"query-input":"required name=search_term_string"}],"inLanguage":"es"},{"@type":"Organization","@id":"https:\/\/audiovisualmedia.es\/academia\/#organization","name":"Audiovisual Media","url":"https:\/\/audiovisualmedia.es\/academia\/","logo":{"@type":"ImageObject","inLanguage":"es","@id":"https:\/\/audiovisualmedia.es\/academia\/#\/schema\/logo\/image\/","url":"https:\/\/audiovisualmedia.es\/academia\/wp-content\/uploads\/2024\/02\/cropped-logo-1.png","contentUrl":"https:\/\/audiovisualmedia.es\/academia\/wp-content\/uploads\/2024\/02\/cropped-logo-1.png","width":200,"height":58,"caption":"Audiovisual Media"},"image":{"@id":"https:\/\/audiovisualmedia.es\/academia\/#\/schema\/logo\/image\/"}}]}},"_links":{"self":[{"href":"https:\/\/audiovisualmedia.es\/academia\/wp-json\/wp\/v2\/pages\/489","targetHints":{"allow":["GET"]}}],"collection":[{"href":"https:\/\/audiovisualmedia.es\/academia\/wp-json\/wp\/v2\/pages"}],"about":[{"href":"https:\/\/audiovisualmedia.es\/academia\/wp-json\/wp\/v2\/types\/page"}],"author":[{"embeddable":true,"href":"https:\/\/audiovisualmedia.es\/academia\/wp-json\/wp\/v2\/users\/1"}],"replies":[{"embeddable":true,"href":"https:\/\/audiovisualmedia.es\/academia\/wp-json\/wp\/v2\/comments?post=489"}],"version-history":[{"count":11,"href":"https:\/\/audiovisualmedia.es\/academia\/wp-json\/wp\/v2\/pages\/489\/revisions"}],"predecessor-version":[{"id":574,"href":"https:\/\/audiovisualmedia.es\/academia\/wp-json\/wp\/v2\/pages\/489\/revisions\/574"}],"wp:attachment":[{"href":"https:\/\/audiovisualmedia.es\/academia\/wp-json\/wp\/v2\/media?parent=489"}],"curies":[{"name":"wp","href":"https:\/\/api.w.org\/{rel}","templated":true}]}}